{"id":57,"date":"2020-03-25T13:44:06","date_gmt":"2020-03-25T16:44:06","guid":{"rendered":"http:\/\/jornalvaleevangelico.com.br\/?page_id=57"},"modified":"2020-03-25T13:44:07","modified_gmt":"2020-03-25T16:44:07","slug":"artigos","status":"publish","type":"page","link":"https:\/\/jornalvaleevangelico.com.br\/index.php\/artigos\/","title":{"rendered":"Artigos"},"content":{"rendered":"<div class=\"pt-cv-wrapper\"><div class=\"pt-cv-view pt-cv-grid pt-cv-colsys\" id=\"pt-cv-view-32e01f0o2m\"><div data-id=\"pt-cv-page-1\" class=\"pt-cv-page\" data-cvc=\"3\"><div class=\"col-md-4 col-sm-6 col-xs-12 pt-cv-content-item pt-cv-1-col\" ><div class='pt-cv-ifield'><a href=\"https:\/\/jornalvaleevangelico.com.br\/index.php\/2026\/04\/23\/pascoa-velha-ou-antiga-e-domingo-e-ceia-novos-ou-atuais\/\" class=\"_self pt-cv-href-thumbnail pt-cv-thumb-default\" target=\"_self\" ><img fetchpriority=\"high\" decoding=\"async\" width=\"300\" height=\"300\" src=\"https:\/\/jornalvaleevangelico.com.br\/wp-content\/uploads\/2023\/07\/Rev.-Celso-de-Medeiros-300x300.jpg\" class=\"pt-cv-thumbnail\" alt=\"\" srcset=\"https:\/\/jornalvaleevangelico.com.br\/wp-content\/uploads\/2023\/07\/Rev.-Celso-de-Medeiros-300x300.jpg 300w, https:\/\/jornalvaleevangelico.com.br\/wp-content\/uploads\/2023\/07\/Rev.-Celso-de-Medeiros-150x150.jpg 150w, https:\/\/jornalvaleevangelico.com.br\/wp-content\/uploads\/2023\/07\/Rev.-Celso-de-Medeiros.jpg 541w\" sizes=\"(max-width: 300px) 100vw, 300px\" \/><\/a>\n<h4 class=\"pt-cv-title\"><a href=\"https:\/\/jornalvaleevangelico.com.br\/index.php\/2026\/04\/23\/pascoa-velha-ou-antiga-e-domingo-e-ceia-novos-ou-atuais\/\" class=\"_self\" target=\"_self\" >P\u00e1scoa velha ou antiga, e domingo e Ceia novos ou atuais:<\/a><\/h4>\n<div class=\"pt-cv-content\">CEIA SUBSTITUINDO A P\u00c1SCOA E SUAS CELEBRA\u00c7\u00d5ES MENSAIS Este pequeno-texto-pequeno pretende (sem pretens\u00e3o!) come\u00e7ar uma discuss\u00e3o sobre a P\u00e1scoa, o ...<br \/><div class=\"pt-cv-rmwrap\"><a href=\"https:\/\/jornalvaleevangelico.com.br\/index.php\/2026\/04\/23\/pascoa-velha-ou-antiga-e-domingo-e-ceia-novos-ou-atuais\/\" class=\"_self pt-cv-readmore btn btn-success\" target=\"_self\">Leia Mais<\/a><\/div><\/div><\/div><\/div>\n<div class=\"col-md-4 col-sm-6 col-xs-12 pt-cv-content-item pt-cv-1-col\" ><div class='pt-cv-ifield'><a href=\"https:\/\/jornalvaleevangelico.com.br\/index.php\/2026\/04\/01\/ladroinha-e-valadrao-nao\/\" class=\"_self pt-cv-href-thumbnail pt-cv-thumb-default\" target=\"_self\" ><img fetchpriority=\"high\" decoding=\"async\" width=\"300\" height=\"300\" src=\"https:\/\/jornalvaleevangelico.com.br\/wp-content\/uploads\/2023\/07\/Rev.-Celso-de-Medeiros-300x300.jpg\" class=\"pt-cv-thumbnail\" alt=\"\" srcset=\"https:\/\/jornalvaleevangelico.com.br\/wp-content\/uploads\/2023\/07\/Rev.-Celso-de-Medeiros-300x300.jpg 300w, https:\/\/jornalvaleevangelico.com.br\/wp-content\/uploads\/2023\/07\/Rev.-Celso-de-Medeiros-150x150.jpg 150w, https:\/\/jornalvaleevangelico.com.br\/wp-content\/uploads\/2023\/07\/Rev.-Celso-de-Medeiros.jpg 541w\" sizes=\"(max-width: 300px) 100vw, 300px\" \/><\/a>\n<h4 class=\"pt-cv-title\"><a href=\"https:\/\/jornalvaleevangelico.com.br\/index.php\/2026\/04\/01\/ladroinha-e-valadrao-nao\/\" class=\"_self\" target=\"_self\" >\u201cLadroinha\u201d e \u201cValadr\u00e3o\u201d? \u2013 N\u00e3o!<\/a><\/h4>\n<div class=\"pt-cv-content\">E, nem, uma sociedade de mentirosos e fac\u00e7\u00e3o\u2026!!! Eu tenho me mantido em sil\u00eancio sobre assuntos pol\u00edtico-ideol\u00f3gicos, mas me preocupei ...<br \/><div class=\"pt-cv-rmwrap\"><a href=\"https:\/\/jornalvaleevangelico.com.br\/index.php\/2026\/04\/01\/ladroinha-e-valadrao-nao\/\" class=\"_self pt-cv-readmore btn btn-success\" target=\"_self\">Leia Mais<\/a><\/div><\/div><\/div><\/div>\n<div class=\"col-md-4 col-sm-6 col-xs-12 pt-cv-content-item pt-cv-1-col\" ><div class='pt-cv-ifield'><a href=\"https:\/\/jornalvaleevangelico.com.br\/index.php\/2026\/03\/16\/469-anos-do-primeiro-culto-protestante-no-brasil\/\" class=\"_self pt-cv-href-thumbnail pt-cv-thumb-default\" target=\"_self\" ><img decoding=\"async\" width=\"300\" height=\"188\" src=\"https:\/\/jornalvaleevangelico.com.br\/wp-content\/uploads\/2026\/03\/reproducao-5-1024x640-1-300x188.jpg\" class=\"pt-cv-thumbnail\" alt=\"\" srcset=\"https:\/\/jornalvaleevangelico.com.br\/wp-content\/uploads\/2026\/03\/reproducao-5-1024x640-1-300x188.jpg 300w, https:\/\/jornalvaleevangelico.com.br\/wp-content\/uploads\/2026\/03\/reproducao-5-1024x640-1-768x480.jpg 768w, https:\/\/jornalvaleevangelico.com.br\/wp-content\/uploads\/2026\/03\/reproducao-5-1024x640-1-800x500.jpg 800w, https:\/\/jornalvaleevangelico.com.br\/wp-content\/uploads\/2026\/03\/reproducao-5-1024x640-1-540x340.jpg 540w, https:\/\/jornalvaleevangelico.com.br\/wp-content\/uploads\/2026\/03\/reproducao-5-1024x640-1-400x250.jpg 400w, https:\/\/jornalvaleevangelico.com.br\/wp-content\/uploads\/2026\/03\/reproducao-5-1024x640-1.jpg 1024w\" sizes=\"(max-width: 300px) 100vw, 300px\" \/><\/a>\n<h4 class=\"pt-cv-title\"><a href=\"https:\/\/jornalvaleevangelico.com.br\/index.php\/2026\/03\/16\/469-anos-do-primeiro-culto-protestante-no-brasil\/\" class=\"_self\" target=\"_self\" >469 anos do primeiro culto protestante no Brasil<\/a><\/h4>\n<div class=\"pt-cv-content\">Celebrada anualmente, a data integra o calend\u00e1rio nacional desde 2005 No dia 10 de mar\u00e7o de 1577, acontecia o primeiro ...<br \/><div class=\"pt-cv-rmwrap\"><a href=\"https:\/\/jornalvaleevangelico.com.br\/index.php\/2026\/03\/16\/469-anos-do-primeiro-culto-protestante-no-brasil\/\" class=\"_self pt-cv-readmore btn btn-success\" target=\"_self\">Leia Mais<\/a><\/div><\/div><\/div><\/div>\n<div class=\"col-md-4 col-sm-6 col-xs-12 pt-cv-content-item pt-cv-1-col\" ><div class='pt-cv-ifield'><a href=\"https:\/\/jornalvaleevangelico.com.br\/index.php\/2026\/02\/28\/a-vontade-de-deus-para-nossa-vida\/\" class=\"_self pt-cv-href-thumbnail pt-cv-thumb-default\" target=\"_self\" ><img decoding=\"async\" width=\"300\" height=\"139\" src=\"https:\/\/jornalvaleevangelico.com.br\/wp-content\/uploads\/2024\/03\/WhatsApp-Image-2024-03-02-at-14.38.37-300x139.jpeg\" class=\"pt-cv-thumbnail\" alt=\"\" srcset=\"https:\/\/jornalvaleevangelico.com.br\/wp-content\/uploads\/2024\/03\/WhatsApp-Image-2024-03-02-at-14.38.37-300x139.jpeg 300w, https:\/\/jornalvaleevangelico.com.br\/wp-content\/uploads\/2024\/03\/WhatsApp-Image-2024-03-02-at-14.38.37-1024x473.jpeg 1024w, https:\/\/jornalvaleevangelico.com.br\/wp-content\/uploads\/2024\/03\/WhatsApp-Image-2024-03-02-at-14.38.37-768x355.jpeg 768w, https:\/\/jornalvaleevangelico.com.br\/wp-content\/uploads\/2024\/03\/WhatsApp-Image-2024-03-02-at-14.38.37.jpeg 1266w\" sizes=\"(max-width: 300px) 100vw, 300px\" \/><\/a>\n<h4 class=\"pt-cv-title\"><a href=\"https:\/\/jornalvaleevangelico.com.br\/index.php\/2026\/02\/28\/a-vontade-de-deus-para-nossa-vida\/\" class=\"_self\" target=\"_self\" >A Vontade de Deus para Nossa Vida<\/a><\/h4>\n<div class=\"pt-cv-content\">Pequenas escolhas constroem uma vida que glorifica a Deus. \u201cFinalmente, irm\u00e3os, vos rogamos e exortamos no Senhor Jesus que, assim ...<br \/><div class=\"pt-cv-rmwrap\"><a href=\"https:\/\/jornalvaleevangelico.com.br\/index.php\/2026\/02\/28\/a-vontade-de-deus-para-nossa-vida\/\" class=\"_self pt-cv-readmore btn btn-success\" target=\"_self\">Leia Mais<\/a><\/div><\/div><\/div><\/div>\n<div class=\"col-md-4 col-sm-6 col-xs-12 pt-cv-content-item pt-cv-1-col\" ><div class='pt-cv-ifield'><a href=\"https:\/\/jornalvaleevangelico.com.br\/index.php\/2026\/02\/25\/igreja-agente-da-manifestacao-do-reino-de-deus\/\" class=\"_self pt-cv-href-thumbnail pt-cv-thumb-default\" target=\"_self\" ><img loading=\"lazy\" decoding=\"async\" width=\"184\" height=\"300\" src=\"https:\/\/jornalvaleevangelico.com.br\/wp-content\/uploads\/2026\/02\/WhatsApp-Image-2026-02-25-at-12.11.24-184x300.jpeg\" class=\"pt-cv-thumbnail\" alt=\"\" srcset=\"https:\/\/jornalvaleevangelico.com.br\/wp-content\/uploads\/2026\/02\/WhatsApp-Image-2026-02-25-at-12.11.24-184x300.jpeg 184w, https:\/\/jornalvaleevangelico.com.br\/wp-content\/uploads\/2026\/02\/WhatsApp-Image-2026-02-25-at-12.11.24-627x1024.jpeg 627w, https:\/\/jornalvaleevangelico.com.br\/wp-content\/uploads\/2026\/02\/WhatsApp-Image-2026-02-25-at-12.11.24-768x1255.jpeg 768w, https:\/\/jornalvaleevangelico.com.br\/wp-content\/uploads\/2026\/02\/WhatsApp-Image-2026-02-25-at-12.11.24-940x1536.jpeg 940w, https:\/\/jornalvaleevangelico.com.br\/wp-content\/uploads\/2026\/02\/WhatsApp-Image-2026-02-25-at-12.11.24.jpeg 979w\" sizes=\"(max-width: 184px) 100vw, 184px\" \/><\/a>\n<h4 class=\"pt-cv-title\"><a href=\"https:\/\/jornalvaleevangelico.com.br\/index.php\/2026\/02\/25\/igreja-agente-da-manifestacao-do-reino-de-deus\/\" class=\"_self\" target=\"_self\" >Igreja: Agente da Manifesta\u00e7\u00e3o do Reino de Deus<\/a><\/h4>\n<div class=\"pt-cv-content\">Chamado ao arrependimento, realinhamento espiritual e a\u00e7\u00e3o pr\u00e1tica como express\u00e3o do governo divino na terra A Igreja tem a miss\u00e3o ...<br \/><div class=\"pt-cv-rmwrap\"><a href=\"https:\/\/jornalvaleevangelico.com.br\/index.php\/2026\/02\/25\/igreja-agente-da-manifestacao-do-reino-de-deus\/\" class=\"_self pt-cv-readmore btn btn-success\" target=\"_self\">Leia Mais<\/a><\/div><\/div><\/div><\/div>\n<div class=\"col-md-4 col-sm-6 col-xs-12 pt-cv-content-item pt-cv-1-col\" ><div class='pt-cv-ifield'><a href=\"https:\/\/jornalvaleevangelico.com.br\/index.php\/2026\/02\/13\/em-caso-de-urgencia-quem-voce-chama\/\" class=\"_self pt-cv-href-thumbnail pt-cv-thumb-default\" target=\"_self\" ><img loading=\"lazy\" decoding=\"async\" width=\"300\" height=\"188\" src=\"https:\/\/jornalvaleevangelico.com.br\/wp-content\/uploads\/2026\/02\/Jesus-redefine-a-fe-como-relacao-de-amizade-convidando-seus-discipulos-a-uma-espiritualidade-construida-em-proximidade-confianca-e-partilha-de-vida-300x188.jpg\" class=\"pt-cv-thumbnail\" alt=\"\" srcset=\"https:\/\/jornalvaleevangelico.com.br\/wp-content\/uploads\/2026\/02\/Jesus-redefine-a-fe-como-relacao-de-amizade-convidando-seus-discipulos-a-uma-espiritualidade-construida-em-proximidade-confianca-e-partilha-de-vida-300x188.jpg 300w, https:\/\/jornalvaleevangelico.com.br\/wp-content\/uploads\/2026\/02\/Jesus-redefine-a-fe-como-relacao-de-amizade-convidando-seus-discipulos-a-uma-espiritualidade-construida-em-proximidade-confianca-e-partilha-de-vida-1024x640.jpg 1024w, https:\/\/jornalvaleevangelico.com.br\/wp-content\/uploads\/2026\/02\/Jesus-redefine-a-fe-como-relacao-de-amizade-convidando-seus-discipulos-a-uma-espiritualidade-construida-em-proximidade-confianca-e-partilha-de-vida-768x480.jpg 768w, https:\/\/jornalvaleevangelico.com.br\/wp-content\/uploads\/2026\/02\/Jesus-redefine-a-fe-como-relacao-de-amizade-convidando-seus-discipulos-a-uma-espiritualidade-construida-em-proximidade-confianca-e-partilha-de-vida-800x500.jpg 800w, https:\/\/jornalvaleevangelico.com.br\/wp-content\/uploads\/2026\/02\/Jesus-redefine-a-fe-como-relacao-de-amizade-convidando-seus-discipulos-a-uma-espiritualidade-construida-em-proximidade-confianca-e-partilha-de-vida-540x340.jpg 540w, https:\/\/jornalvaleevangelico.com.br\/wp-content\/uploads\/2026\/02\/Jesus-redefine-a-fe-como-relacao-de-amizade-convidando-seus-discipulos-a-uma-espiritualidade-construida-em-proximidade-confianca-e-partilha-de-vida-400x250.jpg 400w, https:\/\/jornalvaleevangelico.com.br\/wp-content\/uploads\/2026\/02\/Jesus-redefine-a-fe-como-relacao-de-amizade-convidando-seus-discipulos-a-uma-espiritualidade-construida-em-proximidade-confianca-e-partilha-de-vida.jpg 1200w\" sizes=\"(max-width: 300px) 100vw, 300px\" \/><\/a>\n<h4 class=\"pt-cv-title\"><a href=\"https:\/\/jornalvaleevangelico.com.br\/index.php\/2026\/02\/13\/em-caso-de-urgencia-quem-voce-chama\/\" class=\"_self\" target=\"_self\" >Em caso de urg\u00eancia, quem voc\u00ea chama?<\/a><\/h4>\n<div class=\"pt-cv-content\">A B\u00edblia apresenta a amizade como parte estrutural da experi\u00eancia crist\u00e3, sendo que o pr\u00f3prio Cristo viveu essa necessidade de ...<br \/><div class=\"pt-cv-rmwrap\"><a href=\"https:\/\/jornalvaleevangelico.com.br\/index.php\/2026\/02\/13\/em-caso-de-urgencia-quem-voce-chama\/\" class=\"_self pt-cv-readmore btn btn-success\" target=\"_self\">Leia Mais<\/a><\/div><\/div><\/div><\/div>\n<div class=\"col-md-4 col-sm-6 col-xs-12 pt-cv-content-item pt-cv-1-col\" ><div class='pt-cv-ifield'><a href=\"https:\/\/jornalvaleevangelico.com.br\/index.php\/2026\/01\/30\/professora-com-30-anos-de-experiencia-afirma-e-melhor-crianca-ter-desempenho-um-pouco-pior-que-ser-matriculada-as-pressas-em-aulas-de-reforco\/\" class=\"_self pt-cv-href-thumbnail pt-cv-thumb-default\" target=\"_self\" ><img loading=\"lazy\" decoding=\"async\" width=\"300\" height=\"171\" src=\"https:\/\/jornalvaleevangelico.com.br\/wp-content\/uploads\/2026\/01\/Aulas-1-300x171.jpg\" class=\"pt-cv-thumbnail\" alt=\"\" srcset=\"https:\/\/jornalvaleevangelico.com.br\/wp-content\/uploads\/2026\/01\/Aulas-1-300x171.jpg 300w, https:\/\/jornalvaleevangelico.com.br\/wp-content\/uploads\/2026\/01\/Aulas-1-1024x585.jpg 1024w, https:\/\/jornalvaleevangelico.com.br\/wp-content\/uploads\/2026\/01\/Aulas-1-768x439.jpg 768w, https:\/\/jornalvaleevangelico.com.br\/wp-content\/uploads\/2026\/01\/Aulas-1.jpg 1280w\" sizes=\"(max-width: 300px) 100vw, 300px\" \/><\/a>\n<h4 class=\"pt-cv-title\"><a href=\"https:\/\/jornalvaleevangelico.com.br\/index.php\/2026\/01\/30\/professora-com-30-anos-de-experiencia-afirma-e-melhor-crianca-ter-desempenho-um-pouco-pior-que-ser-matriculada-as-pressas-em-aulas-de-reforco\/\" class=\"_self\" target=\"_self\" >Professora com 30 anos de experi\u00eancia afirma: \u00e9 melhor crian\u00e7a ter desempenho um pouco pior que ser matriculada \u00e0s pressas em aulas de refor\u00e7o<\/a><\/h4>\n<div class=\"pt-cv-content\">Aulas demais podem parecer solu\u00e7\u00e3o, mas acabam desmotivando crian\u00e7as Na vida cada vez mais acelerada de hoje, muitos pais sentem ...<br \/><div class=\"pt-cv-rmwrap\"><a href=\"https:\/\/jornalvaleevangelico.com.br\/index.php\/2026\/01\/30\/professora-com-30-anos-de-experiencia-afirma-e-melhor-crianca-ter-desempenho-um-pouco-pior-que-ser-matriculada-as-pressas-em-aulas-de-reforco\/\" class=\"_self pt-cv-readmore btn btn-success\" target=\"_self\">Leia Mais<\/a><\/div><\/div><\/div><\/div>\n<div class=\"col-md-4 col-sm-6 col-xs-12 pt-cv-content-item pt-cv-1-col\" ><div class='pt-cv-ifield'><a href=\"https:\/\/jornalvaleevangelico.com.br\/index.php\/2026\/01\/28\/45693\/\" class=\"_self pt-cv-href-thumbnail pt-cv-thumb-default\" target=\"_self\" ><img loading=\"lazy\" decoding=\"async\" width=\"300\" height=\"188\" src=\"https:\/\/jornalvaleevangelico.com.br\/wp-content\/uploads\/2026\/01\/cao-orelha2-300x188.jpg\" class=\"pt-cv-thumbnail\" alt=\"\" srcset=\"https:\/\/jornalvaleevangelico.com.br\/wp-content\/uploads\/2026\/01\/cao-orelha2-300x188.jpg 300w, https:\/\/jornalvaleevangelico.com.br\/wp-content\/uploads\/2026\/01\/cao-orelha2-1024x640.jpg 1024w, https:\/\/jornalvaleevangelico.com.br\/wp-content\/uploads\/2026\/01\/cao-orelha2-768x480.jpg 768w, https:\/\/jornalvaleevangelico.com.br\/wp-content\/uploads\/2026\/01\/cao-orelha2-800x500.jpg 800w, https:\/\/jornalvaleevangelico.com.br\/wp-content\/uploads\/2026\/01\/cao-orelha2-540x340.jpg 540w, https:\/\/jornalvaleevangelico.com.br\/wp-content\/uploads\/2026\/01\/cao-orelha2-400x250.jpg 400w, https:\/\/jornalvaleevangelico.com.br\/wp-content\/uploads\/2026\/01\/cao-orelha2.jpg 1200w\" sizes=\"(max-width: 300px) 100vw, 300px\" \/><\/a>\n<h4 class=\"pt-cv-title\"><a href=\"https:\/\/jornalvaleevangelico.com.br\/index.php\/2026\/01\/28\/45693\/\" class=\"_self\" target=\"_self\" >Orelha: o que leva adolescentes serem t\u00e3o cru\u00e9is?<\/a><\/h4>\n<div class=\"pt-cv-content\">O caso do c\u00e3o morto por adolescentes e que gerou repercuss\u00e3o nacional deve ligar o alerta dos pais para o ...<br \/><div class=\"pt-cv-rmwrap\"><a href=\"https:\/\/jornalvaleevangelico.com.br\/index.php\/2026\/01\/28\/45693\/\" class=\"_self pt-cv-readmore btn btn-success\" target=\"_self\">Leia Mais<\/a><\/div><\/div><\/div><\/div>\n<div class=\"col-md-4 col-sm-6 col-xs-12 pt-cv-content-item pt-cv-1-col\" ><div class='pt-cv-ifield'><a href=\"https:\/\/jornalvaleevangelico.com.br\/index.php\/2026\/01\/22\/a-religiao-do-odio-por-que-deixei-de-ser-esquerdista\/\" class=\"_self pt-cv-href-thumbnail pt-cv-thumb-default\" target=\"_self\" ><img loading=\"lazy\" decoding=\"async\" width=\"300\" height=\"198\" src=\"https:\/\/jornalvaleevangelico.com.br\/wp-content\/uploads\/2026\/01\/Paulo-300x198.jpg\" class=\"pt-cv-thumbnail\" alt=\"\" srcset=\"https:\/\/jornalvaleevangelico.com.br\/wp-content\/uploads\/2026\/01\/Paulo-300x198.jpg 300w, https:\/\/jornalvaleevangelico.com.br\/wp-content\/uploads\/2026\/01\/Paulo-768x507.jpg 768w, https:\/\/jornalvaleevangelico.com.br\/wp-content\/uploads\/2026\/01\/Paulo.jpg 1024w\" sizes=\"(max-width: 300px) 100vw, 300px\" \/><\/a>\n<h4 class=\"pt-cv-title\"><a href=\"https:\/\/jornalvaleevangelico.com.br\/index.php\/2026\/01\/22\/a-religiao-do-odio-por-que-deixei-de-ser-esquerdista\/\" class=\"_self\" target=\"_self\" >A religi\u00e3o do \u00f3dio: por que deixei de ser esquerdista<\/a><\/h4>\n<div class=\"pt-cv-content\">O cronista dos sete leitores, Paulo Briguet, nos idos de 1993, quando era militante esquerdista. (Foto: Paulo Briguet\/Arquivo pessoal) \u201cO ...<br \/><div class=\"pt-cv-rmwrap\"><a href=\"https:\/\/jornalvaleevangelico.com.br\/index.php\/2026\/01\/22\/a-religiao-do-odio-por-que-deixei-de-ser-esquerdista\/\" class=\"_self pt-cv-readmore btn btn-success\" target=\"_self\">Leia Mais<\/a><\/div><\/div><\/div><\/div>\n<div class=\"col-md-4 col-sm-6 col-xs-12 pt-cv-content-item pt-cv-1-col\" ><div class='pt-cv-ifield'><a href=\"https:\/\/jornalvaleevangelico.com.br\/index.php\/2026\/01\/22\/esperar-no-senhor\/\" class=\"_self pt-cv-href-thumbnail pt-cv-thumb-default\" target=\"_self\" ><img loading=\"lazy\" decoding=\"async\" width=\"300\" height=\"300\" src=\"https:\/\/jornalvaleevangelico.com.br\/wp-content\/uploads\/2026\/01\/1622501051022-300x300.jpeg\" class=\"pt-cv-thumbnail\" alt=\"\" srcset=\"https:\/\/jornalvaleevangelico.com.br\/wp-content\/uploads\/2026\/01\/1622501051022-300x300.jpeg 300w, https:\/\/jornalvaleevangelico.com.br\/wp-content\/uploads\/2026\/01\/1622501051022-150x150.jpeg 150w, https:\/\/jornalvaleevangelico.com.br\/wp-content\/uploads\/2026\/01\/1622501051022-768x768.jpeg 768w, https:\/\/jornalvaleevangelico.com.br\/wp-content\/uploads\/2026\/01\/1622501051022.jpeg 800w\" sizes=\"(max-width: 300px) 100vw, 300px\" \/><\/a>\n<h4 class=\"pt-cv-title\"><a href=\"https:\/\/jornalvaleevangelico.com.br\/index.php\/2026\/01\/22\/esperar-no-senhor\/\" class=\"_self\" target=\"_self\" >Esperar no Senhor<\/a><\/h4>\n<div class=\"pt-cv-content\">\u201cDescansa no Senhor e espera nele; n\u00e3o te indignes por causa daquele que prospera em seu caminho.\u201d(Salmos 37:7) Reflex\u00e3o:Esperar no ...<br \/><div class=\"pt-cv-rmwrap\"><a href=\"https:\/\/jornalvaleevangelico.com.br\/index.php\/2026\/01\/22\/esperar-no-senhor\/\" class=\"_self pt-cv-readmore btn btn-success\" target=\"_self\">Leia Mais<\/a><\/div><\/div><\/div><\/div><\/div><\/div><\/div>\n<div class=\"jorna-rodape jorna-entity-placement\" id=\"jorna-2270236039\"><div id=\"jorna-2999724351\"><a href=\"https:\/\/gkscontabilidade.com\/\" aria-label=\"GKS Contabilidade\"><img src=\"https:\/\/jornalvaleevangelico.com.br\/wp-content\/uploads\/2023\/05\/GKS-Contabilidade.jpeg\" alt=\"\"  srcset=\"https:\/\/jornalvaleevangelico.com.br\/wp-content\/uploads\/2023\/05\/GKS-Contabilidade.jpeg 1600w, https:\/\/jornalvaleevangelico.com.br\/wp-content\/uploads\/2023\/05\/GKS-Contabilidade-300x65.jpeg 300w, https:\/\/jornalvaleevangelico.com.br\/wp-content\/uploads\/2023\/05\/GKS-Contabilidade-1024x223.jpeg 1024w, https:\/\/jornalvaleevangelico.com.br\/wp-content\/uploads\/2023\/05\/GKS-Contabilidade-768x168.jpeg 768w, https:\/\/jornalvaleevangelico.com.br\/wp-content\/uploads\/2023\/05\/GKS-Contabilidade-1536x335.jpeg 1536w\" sizes=\"(max-width: 1600px) 100vw, 1600px\" width=\"1600\" height=\"349\"   \/><\/a><\/div><\/div>","protected":false},"excerpt":{"rendered":"","protected":false},"author":1,"featured_media":0,"parent":0,"menu_order":0,"comment_status":"closed","ping_status":"closed","template":"","meta":{"_mi_skip_tracking":false,"_monsterinsights_sitenote_active":false,"_monsterinsights_sitenote_note":"","_monsterinsights_sitenote_category":0,"footnotes":""},"class_list":["post-57","page","type-page","status-publish","hentry"],"_links":{"self":[{"href":"https:\/\/jornalvaleevangelico.com.br\/index.php\/wp-json\/wp\/v2\/pages\/57","targetHints":{"allow":["GET"]}}],"collection":[{"href":"https:\/\/jornalvaleevangelico.com.br\/index.php\/wp-json\/wp\/v2\/pages"}],"about":[{"href":"https:\/\/jornalvaleevangelico.com.br\/index.php\/wp-json\/wp\/v2\/types\/page"}],"author":[{"embeddable":true,"href":"https:\/\/jornalvaleevangelico.com.br\/index.php\/wp-json\/wp\/v2\/users\/1"}],"replies":[{"embeddable":true,"href":"https:\/\/jornalvaleevangelico.com.br\/index.php\/wp-json\/wp\/v2\/comments?post=57"}],"version-history":[{"count":1,"href":"https:\/\/jornalvaleevangelico.com.br\/index.php\/wp-json\/wp\/v2\/pages\/57\/revisions"}],"predecessor-version":[{"id":58,"href":"https:\/\/jornalvaleevangelico.com.br\/index.php\/wp-json\/wp\/v2\/pages\/57\/revisions\/58"}],"wp:attachment":[{"href":"https:\/\/jornalvaleevangelico.com.br\/index.php\/wp-json\/wp\/v2\/media?parent=57"}],"curies":[{"name":"wp","href":"https:\/\/api.w.org\/{rel}","templated":true}]}}