{"id":74,"date":"2020-03-25T13:49:37","date_gmt":"2020-03-25T16:49:37","guid":{"rendered":"http:\/\/jornalvaleevangelico.com.br\/?page_id=74"},"modified":"2020-03-25T13:49:38","modified_gmt":"2020-03-25T16:49:38","slug":"internacional","status":"publish","type":"page","link":"https:\/\/jornalvaleevangelico.com.br\/index.php\/internacional\/","title":{"rendered":"Internacional"},"content":{"rendered":"<div class=\"pt-cv-wrapper\"><div class=\"pt-cv-view pt-cv-grid pt-cv-colsys\" id=\"pt-cv-view-6bba6b83ca\"><div data-id=\"pt-cv-page-1\" class=\"pt-cv-page\" data-cvc=\"3\"><div class=\"col-md-4 col-sm-6 col-xs-12 pt-cv-content-item pt-cv-1-col\" ><div class='pt-cv-ifield'><a href=\"https:\/\/jornalvaleevangelico.com.br\/index.php\/2026\/04\/23\/aviao-carregando-r-15-milhoes-cai-moradores-saqueiam\/\" class=\"_self pt-cv-href-thumbnail pt-cv-thumb-default\" target=\"_self\" ><img fetchpriority=\"high\" decoding=\"async\" width=\"300\" height=\"300\" src=\"https:\/\/jornalvaleevangelico.com.br\/wp-content\/uploads\/2026\/04\/Untitled-1-1-300x300.jpg\" class=\"pt-cv-thumbnail\" alt=\"\" srcset=\"https:\/\/jornalvaleevangelico.com.br\/wp-content\/uploads\/2026\/04\/Untitled-1-1-300x300.jpg 300w, https:\/\/jornalvaleevangelico.com.br\/wp-content\/uploads\/2026\/04\/Untitled-1-1-150x150.jpg 150w, https:\/\/jornalvaleevangelico.com.br\/wp-content\/uploads\/2026\/04\/Untitled-1-1-768x768.jpg 768w, https:\/\/jornalvaleevangelico.com.br\/wp-content\/uploads\/2026\/04\/Untitled-1-1.jpg 900w\" sizes=\"(max-width: 300px) 100vw, 300px\" \/><\/a>\n<h4 class=\"pt-cv-title\"><a href=\"https:\/\/jornalvaleevangelico.com.br\/index.php\/2026\/04\/23\/aviao-carregando-r-15-milhoes-cai-moradores-saqueiam\/\" class=\"_self\" target=\"_self\" >Avi\u00e3o carregando R$ 15 milh\u00f5es cai; moradores saqueiam<\/a><\/h4>\n<div class=\"pt-cv-content\">Caso aconteceu no Paraguai Um avi\u00e3o com R$ 15 milh\u00f5es caiu na cidade de Minga Guaz\u00fa, no Paraguai, no \u00faltimo ...<br \/><div class=\"pt-cv-rmwrap\"><a href=\"https:\/\/jornalvaleevangelico.com.br\/index.php\/2026\/04\/23\/aviao-carregando-r-15-milhoes-cai-moradores-saqueiam\/\" class=\"_self pt-cv-readmore btn btn-success\" target=\"_self\">Leia Mais<\/a><\/div><\/div><\/div><\/div>\n<div class=\"col-md-4 col-sm-6 col-xs-12 pt-cv-content-item pt-cv-1-col\" ><div class='pt-cv-ifield'><a href=\"https:\/\/jornalvaleevangelico.com.br\/index.php\/2026\/04\/07\/trump-anuncia-cessar-fogo-de-duas-semanas-com-o-ira-apos-mediacao-do-paquistao\/\" class=\"_self pt-cv-href-thumbnail pt-cv-thumb-default\" target=\"_self\" ><img decoding=\"async\" width=\"300\" height=\"169\" src=\"https:\/\/jornalvaleevangelico.com.br\/wp-content\/uploads\/2026\/04\/Trump-300x169.jpg\" class=\"pt-cv-thumbnail\" alt=\"\" srcset=\"https:\/\/jornalvaleevangelico.com.br\/wp-content\/uploads\/2026\/04\/Trump-300x169.jpg 300w, https:\/\/jornalvaleevangelico.com.br\/wp-content\/uploads\/2026\/04\/Trump-768x432.jpg 768w, https:\/\/jornalvaleevangelico.com.br\/wp-content\/uploads\/2026\/04\/Trump.jpg 960w\" sizes=\"(max-width: 300px) 100vw, 300px\" \/><\/a>\n<h4 class=\"pt-cv-title\"><a href=\"https:\/\/jornalvaleevangelico.com.br\/index.php\/2026\/04\/07\/trump-anuncia-cessar-fogo-de-duas-semanas-com-o-ira-apos-mediacao-do-paquistao\/\" class=\"_self\" target=\"_self\" >Trump anuncia cessar-fogo de duas semanas com o Ir\u00e3 ap\u00f3s media\u00e7\u00e3o do Paquist\u00e3o<\/a><\/h4>\n<div class=\"pt-cv-content\">Tr\u00e9gua proposta por Islamabad depende da reabertura do Estreito de Ormuz e pode abrir caminho para acordo de paz mais ...<br \/><div class=\"pt-cv-rmwrap\"><a href=\"https:\/\/jornalvaleevangelico.com.br\/index.php\/2026\/04\/07\/trump-anuncia-cessar-fogo-de-duas-semanas-com-o-ira-apos-mediacao-do-paquistao\/\" class=\"_self pt-cv-readmore btn btn-success\" target=\"_self\">Leia Mais<\/a><\/div><\/div><\/div><\/div>\n<div class=\"col-md-4 col-sm-6 col-xs-12 pt-cv-content-item pt-cv-1-col\" ><div class='pt-cv-ifield'><a href=\"https:\/\/jornalvaleevangelico.com.br\/index.php\/2026\/04\/07\/novo-lider-supremo-do-ira-esta-inconsciente-diz-jornal-britanico\/\" class=\"_self pt-cv-href-thumbnail pt-cv-thumb-default\" target=\"_self\" ><img decoding=\"async\" width=\"300\" height=\"200\" src=\"https:\/\/jornalvaleevangelico.com.br\/wp-content\/uploads\/2026\/04\/ira1-300x200.jpg\" class=\"pt-cv-thumbnail\" alt=\"\" srcset=\"https:\/\/jornalvaleevangelico.com.br\/wp-content\/uploads\/2026\/04\/ira1-300x200.jpg 300w, https:\/\/jornalvaleevangelico.com.br\/wp-content\/uploads\/2026\/04\/ira1-768x512.jpg 768w, https:\/\/jornalvaleevangelico.com.br\/wp-content\/uploads\/2026\/04\/ira1.jpg 900w\" sizes=\"(max-width: 300px) 100vw, 300px\" \/><\/a>\n<h4 class=\"pt-cv-title\"><a href=\"https:\/\/jornalvaleevangelico.com.br\/index.php\/2026\/04\/07\/novo-lider-supremo-do-ira-esta-inconsciente-diz-jornal-britanico\/\" class=\"_self\" target=\"_self\" >Novo l\u00edder supremo do Ir\u00e3 est\u00e1 inconsciente, diz jornal brit\u00e2nico<\/a><\/h4>\n<div class=\"pt-cv-content\">Avalia\u00e7\u00e3o de intelig\u00eancia teria indicado que Mojtaba Khamenei est\u00e1 incapaz de tomar qualquer decis\u00e3o pelo regime iraniano Mojtaba Khamenei, novo ...<br \/><div class=\"pt-cv-rmwrap\"><a href=\"https:\/\/jornalvaleevangelico.com.br\/index.php\/2026\/04\/07\/novo-lider-supremo-do-ira-esta-inconsciente-diz-jornal-britanico\/\" class=\"_self pt-cv-readmore btn btn-success\" target=\"_self\">Leia Mais<\/a><\/div><\/div><\/div><\/div>\n<div class=\"col-md-4 col-sm-6 col-xs-12 pt-cv-content-item pt-cv-1-col\" ><div class='pt-cv-ifield'><a href=\"https:\/\/jornalvaleevangelico.com.br\/index.php\/2026\/03\/26\/israel-mata-comandante-naval-do-ira-responsavel-por-fechar-ormuz\/\" class=\"_self pt-cv-href-thumbnail pt-cv-thumb-default\" target=\"_self\" ><img loading=\"lazy\" decoding=\"async\" width=\"300\" height=\"200\" src=\"https:\/\/jornalvaleevangelico.com.br\/wp-content\/uploads\/2026\/03\/Guertr1-300x200.jpg\" class=\"pt-cv-thumbnail\" alt=\"\" srcset=\"https:\/\/jornalvaleevangelico.com.br\/wp-content\/uploads\/2026\/03\/Guertr1-300x200.jpg 300w, https:\/\/jornalvaleevangelico.com.br\/wp-content\/uploads\/2026\/03\/Guertr1-1024x682.jpg 1024w, https:\/\/jornalvaleevangelico.com.br\/wp-content\/uploads\/2026\/03\/Guertr1-768x512.jpg 768w, https:\/\/jornalvaleevangelico.com.br\/wp-content\/uploads\/2026\/03\/Guertr1.jpg 1536w\" sizes=\"(max-width: 300px) 100vw, 300px\" \/><\/a>\n<h4 class=\"pt-cv-title\"><a href=\"https:\/\/jornalvaleevangelico.com.br\/index.php\/2026\/03\/26\/israel-mata-comandante-naval-do-ira-responsavel-por-fechar-ormuz\/\" class=\"_self\" target=\"_self\" >Israel mata comandante naval do Ir\u00e3 respons\u00e1vel por fechar Ormuz<\/a><\/h4>\n<div class=\"pt-cv-content\">Alireza Tangsiri era considerado pe\u00e7a-chave na estrat\u00e9gia iraniana no Golfo P\u00e9rsico Israel matou o comandante da Marinha da Guarda Revolucion\u00e1ria ...<br \/><div class=\"pt-cv-rmwrap\"><a href=\"https:\/\/jornalvaleevangelico.com.br\/index.php\/2026\/03\/26\/israel-mata-comandante-naval-do-ira-responsavel-por-fechar-ormuz\/\" class=\"_self pt-cv-readmore btn btn-success\" target=\"_self\">Leia Mais<\/a><\/div><\/div><\/div><\/div>\n<div class=\"col-md-4 col-sm-6 col-xs-12 pt-cv-content-item pt-cv-1-col\" ><div class='pt-cv-ifield'><a href=\"https:\/\/jornalvaleevangelico.com.br\/index.php\/2026\/03\/23\/menor-pais-do-mundo-podera-ser-criado-na-albania\/\" class=\"_self pt-cv-href-thumbnail pt-cv-thumb-default\" target=\"_self\" ><img loading=\"lazy\" decoding=\"async\" width=\"300\" height=\"196\" src=\"https:\/\/jornalvaleevangelico.com.br\/wp-content\/uploads\/2026\/03\/albania-1-300x196.jpg\" class=\"pt-cv-thumbnail\" alt=\"\" srcset=\"https:\/\/jornalvaleevangelico.com.br\/wp-content\/uploads\/2026\/03\/albania-1-300x196.jpg 300w, https:\/\/jornalvaleevangelico.com.br\/wp-content\/uploads\/2026\/03\/albania-1-768x502.jpg 768w, https:\/\/jornalvaleevangelico.com.br\/wp-content\/uploads\/2026\/03\/albania-1.jpg 788w\" sizes=\"(max-width: 300px) 100vw, 300px\" \/><\/a>\n<h4 class=\"pt-cv-title\"><a href=\"https:\/\/jornalvaleevangelico.com.br\/index.php\/2026\/03\/23\/menor-pais-do-mundo-podera-ser-criado-na-albania\/\" class=\"_self\" target=\"_self\" >Menor pa\u00eds do mundo poder\u00e1 ser criado na Alb\u00e2nia<\/a><\/h4>\n<div class=\"pt-cv-content\">\u201cVaticano mu\u00e7ulmano\u201d deve ocupar cerca de 100mil m\u00b2 e vai funcionar como um enclave soberano, com administra\u00e7\u00e3o pr\u00f3pria, passaportes e ...<br \/><div class=\"pt-cv-rmwrap\"><a href=\"https:\/\/jornalvaleevangelico.com.br\/index.php\/2026\/03\/23\/menor-pais-do-mundo-podera-ser-criado-na-albania\/\" class=\"_self pt-cv-readmore btn btn-success\" target=\"_self\">Leia Mais<\/a><\/div><\/div><\/div><\/div>\n<div class=\"col-md-4 col-sm-6 col-xs-12 pt-cv-content-item pt-cv-1-col\" ><div class='pt-cv-ifield'><a href=\"https:\/\/jornalvaleevangelico.com.br\/index.php\/2026\/03\/23\/cristaos-cultuam-dentro-dagua-em-meio-as-chuvas-em-mocambique\/\" class=\"_self pt-cv-href-thumbnail pt-cv-thumb-default\" target=\"_self\" ><img loading=\"lazy\" decoding=\"async\" width=\"300\" height=\"180\" src=\"https:\/\/jornalvaleevangelico.com.br\/wp-content\/uploads\/2026\/03\/nachuva-300x180.jpg\" class=\"pt-cv-thumbnail\" alt=\"\" srcset=\"https:\/\/jornalvaleevangelico.com.br\/wp-content\/uploads\/2026\/03\/nachuva-300x180.jpg 300w, https:\/\/jornalvaleevangelico.com.br\/wp-content\/uploads\/2026\/03\/nachuva.jpg 725w\" sizes=\"(max-width: 300px) 100vw, 300px\" \/><\/a>\n<h4 class=\"pt-cv-title\"><a href=\"https:\/\/jornalvaleevangelico.com.br\/index.php\/2026\/03\/23\/cristaos-cultuam-dentro-dagua-em-meio-as-chuvas-em-mocambique\/\" class=\"_self\" target=\"_self\" >Crist\u00e3os cultuam dentro d\u2019\u00e1gua em meio \u00e0s chuvas em Mo\u00e7ambique<\/a><\/h4>\n<div class=\"pt-cv-content\">Igreja ficou inundada, mas os irm\u00e3os decidiram n\u00e3o interromper as atividades A temporada de chuvas em Mo\u00e7ambique tem causado devasta\u00e7\u00e3o ...<br \/><div class=\"pt-cv-rmwrap\"><a href=\"https:\/\/jornalvaleevangelico.com.br\/index.php\/2026\/03\/23\/cristaos-cultuam-dentro-dagua-em-meio-as-chuvas-em-mocambique\/\" class=\"_self pt-cv-readmore btn btn-success\" target=\"_self\">Leia Mais<\/a><\/div><\/div><\/div><\/div>\n<div class=\"col-md-4 col-sm-6 col-xs-12 pt-cv-content-item pt-cv-1-col\" ><div class='pt-cv-ifield'><a href=\"https:\/\/jornalvaleevangelico.com.br\/index.php\/2026\/03\/18\/israel-afirma-ter-matado-ali-larijani-chefe-de-seguranca-do-ira\/\" class=\"_self pt-cv-href-thumbnail pt-cv-thumb-default\" target=\"_self\" ><img loading=\"lazy\" decoding=\"async\" width=\"300\" height=\"196\" src=\"https:\/\/jornalvaleevangelico.com.br\/wp-content\/uploads\/2026\/03\/Larijani-300x196.jpg\" class=\"pt-cv-thumbnail\" alt=\"\" srcset=\"https:\/\/jornalvaleevangelico.com.br\/wp-content\/uploads\/2026\/03\/Larijani-300x196.jpg 300w, https:\/\/jornalvaleevangelico.com.br\/wp-content\/uploads\/2026\/03\/Larijani-768x502.jpg 768w, https:\/\/jornalvaleevangelico.com.br\/wp-content\/uploads\/2026\/03\/Larijani.jpg 788w\" sizes=\"(max-width: 300px) 100vw, 300px\" \/><\/a>\n<h4 class=\"pt-cv-title\"><a href=\"https:\/\/jornalvaleevangelico.com.br\/index.php\/2026\/03\/18\/israel-afirma-ter-matado-ali-larijani-chefe-de-seguranca-do-ira\/\" class=\"_self\" target=\"_self\" >Israel afirma ter matado Ali Larijani, chefe de Seguran\u00e7a do Ir\u00e3<\/a><\/h4>\n<div class=\"pt-cv-content\">Segundo o ex\u00e9rcito israelense, Larijani era o \u201cl\u00edder efetivo\u201d do regime iraniano ap\u00f3s a morte do l\u00edder supremo Ali Khamenei ...<br \/><div class=\"pt-cv-rmwrap\"><a href=\"https:\/\/jornalvaleevangelico.com.br\/index.php\/2026\/03\/18\/israel-afirma-ter-matado-ali-larijani-chefe-de-seguranca-do-ira\/\" class=\"_self pt-cv-readmore btn btn-success\" target=\"_self\">Leia Mais<\/a><\/div><\/div><\/div><\/div>\n<div class=\"col-md-4 col-sm-6 col-xs-12 pt-cv-content-item pt-cv-1-col\" ><div class='pt-cv-ifield'><a href=\"https:\/\/jornalvaleevangelico.com.br\/index.php\/2026\/03\/09\/pastores-se-recusam-deixar-igrejas-em-meio-a-bombardeios-no-libano-ficamos-com-o-rebanho\/\" class=\"_self pt-cv-href-thumbnail pt-cv-thumb-default\" target=\"_self\" ><img loading=\"lazy\" decoding=\"async\" width=\"300\" height=\"179\" src=\"https:\/\/jornalvaleevangelico.com.br\/wp-content\/uploads\/2026\/03\/Querra1-300x179.jpg\" class=\"pt-cv-thumbnail\" alt=\"\" srcset=\"https:\/\/jornalvaleevangelico.com.br\/wp-content\/uploads\/2026\/03\/Querra1-300x179.jpg 300w, https:\/\/jornalvaleevangelico.com.br\/wp-content\/uploads\/2026\/03\/Querra1-768x457.jpg 768w, https:\/\/jornalvaleevangelico.com.br\/wp-content\/uploads\/2026\/03\/Querra1.jpg 840w\" sizes=\"(max-width: 300px) 100vw, 300px\" \/><\/a>\n<h4 class=\"pt-cv-title\"><a href=\"https:\/\/jornalvaleevangelico.com.br\/index.php\/2026\/03\/09\/pastores-se-recusam-deixar-igrejas-em-meio-a-bombardeios-no-libano-ficamos-com-o-rebanho\/\" class=\"_self\" target=\"_self\" >Pastores se recusam deixar igrejas em meio a bombardeios no L\u00edbano: \u2018Ficamos com o rebanho\u2019<\/a><\/h4>\n<div class=\"pt-cv-content\">As igrejas no pa\u00eds est\u00e3o sofrendo durante o conflito em curso. Israel atacou o grupo terrorista Hezbollah, que est\u00e1 baseado ...<br \/><div class=\"pt-cv-rmwrap\"><a href=\"https:\/\/jornalvaleevangelico.com.br\/index.php\/2026\/03\/09\/pastores-se-recusam-deixar-igrejas-em-meio-a-bombardeios-no-libano-ficamos-com-o-rebanho\/\" class=\"_self pt-cv-readmore btn btn-success\" target=\"_self\">Leia Mais<\/a><\/div><\/div><\/div><\/div>\n<div class=\"col-md-4 col-sm-6 col-xs-12 pt-cv-content-item pt-cv-1-col\" ><div class='pt-cv-ifield'><a href=\"https:\/\/jornalvaleevangelico.com.br\/index.php\/2026\/03\/04\/cristaos-no-ira-pedem-oracao-apos-ataques-recentes\/\" class=\"_self pt-cv-href-thumbnail pt-cv-thumb-default\" target=\"_self\" ><img loading=\"lazy\" decoding=\"async\" width=\"300\" height=\"142\" src=\"https:\/\/jornalvaleevangelico.com.br\/wp-content\/uploads\/2026\/03\/reproducao-4-300x142.jpg\" class=\"pt-cv-thumbnail\" alt=\"\" srcset=\"https:\/\/jornalvaleevangelico.com.br\/wp-content\/uploads\/2026\/03\/reproducao-4-300x142.jpg 300w, https:\/\/jornalvaleevangelico.com.br\/wp-content\/uploads\/2026\/03\/reproducao-4-768x363.jpg 768w, https:\/\/jornalvaleevangelico.com.br\/wp-content\/uploads\/2026\/03\/reproducao-4.jpg 945w\" sizes=\"(max-width: 300px) 100vw, 300px\" \/><\/a>\n<h4 class=\"pt-cv-title\"><a href=\"https:\/\/jornalvaleevangelico.com.br\/index.php\/2026\/03\/04\/cristaos-no-ira-pedem-oracao-apos-ataques-recentes\/\" class=\"_self\" target=\"_self\" >Crist\u00e3os no Ir\u00e3 pedem ora\u00e7\u00e3o ap\u00f3s ataques recentes<\/a><\/h4>\n<div class=\"pt-cv-content\">Pa\u00eds possui cerca de 800 mil crist\u00e3os que clamam pela liberdade de f\u00e9 No \u00faltimo final de semana, os EUA ...<br \/><div class=\"pt-cv-rmwrap\"><a href=\"https:\/\/jornalvaleevangelico.com.br\/index.php\/2026\/03\/04\/cristaos-no-ira-pedem-oracao-apos-ataques-recentes\/\" class=\"_self pt-cv-readmore btn btn-success\" target=\"_self\">Leia Mais<\/a><\/div><\/div><\/div><\/div>\n<div class=\"col-md-4 col-sm-6 col-xs-12 pt-cv-content-item pt-cv-1-col\" ><div class='pt-cv-ifield'><a href=\"https:\/\/jornalvaleevangelico.com.br\/index.php\/2026\/03\/03\/instabilidade-no-ira-afeta-outros-paises-do-oriente-medio\/\" class=\"_self pt-cv-href-thumbnail pt-cv-thumb-default\" target=\"_self\" ><img loading=\"lazy\" decoding=\"async\" width=\"300\" height=\"142\" src=\"https:\/\/jornalvaleevangelico.com.br\/wp-content\/uploads\/2026\/03\/Ig1-300x142.jpg\" class=\"pt-cv-thumbnail\" alt=\"\" srcset=\"https:\/\/jornalvaleevangelico.com.br\/wp-content\/uploads\/2026\/03\/Ig1-300x142.jpg 300w, https:\/\/jornalvaleevangelico.com.br\/wp-content\/uploads\/2026\/03\/Ig1-768x363.jpg 768w, https:\/\/jornalvaleevangelico.com.br\/wp-content\/uploads\/2026\/03\/Ig1.jpg 945w\" sizes=\"(max-width: 300px) 100vw, 300px\" \/><\/a>\n<h4 class=\"pt-cv-title\"><a href=\"https:\/\/jornalvaleevangelico.com.br\/index.php\/2026\/03\/03\/instabilidade-no-ira-afeta-outros-paises-do-oriente-medio\/\" class=\"_self\" target=\"_self\" >Instabilidade no Ir\u00e3 afeta outros pa\u00edses do Oriente M\u00e9dio<\/a><\/h4>\n<div class=\"pt-cv-content\">Veja como ajudar crist\u00e3os perseguidos na regi\u00e3o O que come\u00e7ou no s\u00e1bado como um ataque ao Ir\u00e3 rapidamente se intensificou, ...<br \/><div class=\"pt-cv-rmwrap\"><a href=\"https:\/\/jornalvaleevangelico.com.br\/index.php\/2026\/03\/03\/instabilidade-no-ira-afeta-outros-paises-do-oriente-medio\/\" class=\"_self pt-cv-readmore btn btn-success\" target=\"_self\">Leia Mais<\/a><\/div><\/div><\/div><\/div><\/div><\/div><\/div>\n<div class=\"jorna-rodape jorna-entity-placement\" id=\"jorna-3144720429\"><div id=\"jorna-392336895\"><a href=\"https:\/\/gkscontabilidade.com\/\" aria-label=\"GKS Contabilidade\"><img src=\"https:\/\/jornalvaleevangelico.com.br\/wp-content\/uploads\/2023\/05\/GKS-Contabilidade.jpeg\" alt=\"\"  srcset=\"https:\/\/jornalvaleevangelico.com.br\/wp-content\/uploads\/2023\/05\/GKS-Contabilidade.jpeg 1600w, https:\/\/jornalvaleevangelico.com.br\/wp-content\/uploads\/2023\/05\/GKS-Contabilidade-300x65.jpeg 300w, https:\/\/jornalvaleevangelico.com.br\/wp-content\/uploads\/2023\/05\/GKS-Contabilidade-1024x223.jpeg 1024w, https:\/\/jornalvaleevangelico.com.br\/wp-content\/uploads\/2023\/05\/GKS-Contabilidade-768x168.jpeg 768w, https:\/\/jornalvaleevangelico.com.br\/wp-content\/uploads\/2023\/05\/GKS-Contabilidade-1536x335.jpeg 1536w\" sizes=\"(max-width: 1600px) 100vw, 1600px\" width=\"1600\" height=\"349\"   \/><\/a><\/div><\/div>","protected":false},"excerpt":{"rendered":"","protected":false},"author":1,"featured_media":0,"parent":0,"menu_order":0,"comment_status":"closed","ping_status":"closed","template":"","meta":{"_mi_skip_tracking":false,"_monsterinsights_sitenote_active":false,"_monsterinsights_sitenote_note":"","_monsterinsights_sitenote_category":0,"footnotes":""},"class_list":["post-74","page","type-page","status-publish","hentry"],"_links":{"self":[{"href":"https:\/\/jornalvaleevangelico.com.br\/index.php\/wp-json\/wp\/v2\/pages\/74","targetHints":{"allow":["GET"]}}],"collection":[{"href":"https:\/\/jornalvaleevangelico.com.br\/index.php\/wp-json\/wp\/v2\/pages"}],"about":[{"href":"https:\/\/jornalvaleevangelico.com.br\/index.php\/wp-json\/wp\/v2\/types\/page"}],"author":[{"embeddable":true,"href":"https:\/\/jornalvaleevangelico.com.br\/index.php\/wp-json\/wp\/v2\/users\/1"}],"replies":[{"embeddable":true,"href":"https:\/\/jornalvaleevangelico.com.br\/index.php\/wp-json\/wp\/v2\/comments?post=74"}],"version-history":[{"count":1,"href":"https:\/\/jornalvaleevangelico.com.br\/index.php\/wp-json\/wp\/v2\/pages\/74\/revisions"}],"predecessor-version":[{"id":75,"href":"https:\/\/jornalvaleevangelico.com.br\/index.php\/wp-json\/wp\/v2\/pages\/74\/revisions\/75"}],"wp:attachment":[{"href":"https:\/\/jornalvaleevangelico.com.br\/index.php\/wp-json\/wp\/v2\/media?parent=74"}],"curies":[{"name":"wp","href":"https:\/\/api.w.org\/{rel}","templated":true}]}}